{"id":81,"date":"2018-05-07T19:22:20","date_gmt":"2018-05-07T19:22:20","guid":{"rendered":"http:\/\/localhost\/?page_id=81"},"modified":"2018-08-16T14:40:10","modified_gmt":"2018-08-16T14:40:10","slug":"unidad-de-cuidados-neonatal","status":"publish","type":"page","link":"https:\/\/www.fsjb.org\/web\/?page_id=81","title":{"rendered":"Unidad de Cuidados Neonatal"},"content":{"rendered":"<p><img loading=\"lazy\" decoding=\"async\" class=\"aligncenter\" src=\"https:\/\/www.fhsjb.org\/web\/images\/articles\/6.jpg\" alt=\"Unidad de Cuidados Intensivos Neonatal\" width=\"390\" height=\"259\" \/><\/p>\n<table class=\"tabla_listado\">\n<tbody>\n<tr>\n<th><span style=\"color: #000000;\">\u00a0<\/span><\/th>\n<th><span style=\"color: #007970;\">N\u00b0 Camas<\/span><\/th>\n<th><span style=\"color: #007970;\">N\u00b0 Habilitaci\u00f3n<\/span><\/th>\n<\/tr>\n<tr>\n<td><span style=\"color: #000000;\">CUIDADOS INTENSIVOS<\/span><\/td>\n<td><span style=\"color: #000000;\">6<\/span><\/td>\n<td><span style=\"color: #000000;\">203426<\/span><\/td>\n<\/tr>\n<tr class=\"odd\">\n<td><span style=\"color: #000000;\">CUIDADOS INTERMEDIOS<\/span><\/td>\n<td><span style=\"color: #000000;\">8<\/span><\/td>\n<td><span style=\"color: #000000;\">141865<\/span><\/td>\n<\/tr>\n<tr>\n<td><span style=\"color: #000000;\">CUIDADOS B\u00c1SICOS<\/span><\/td>\n<td><span style=\"color: #000000;\">5<\/span><\/td>\n<td><span style=\"color: #000000;\">\u00a0<\/span><\/td>\n<\/tr>\n<\/tbody>\n<\/table>\n<ul>\n<li><span style=\"color: #000000;\">Ventilaci\u00f3n Mec\u00e1nica Convencional Invasiva<\/span><\/li>\n<li><span style=\"color: #000000;\">Monitoreo B\u00e1sico e Invasivo, Nutrici\u00f3n Enteral y Parenteral.<\/span><\/li>\n<li><span style=\"color: #000000;\">L\u00e1mparas de Fototerapia Incubadoras<\/span><\/li>\n<li><span style=\"color: #000000;\">Mesa de Calor Radiante<\/span><\/li>\n<li><span style=\"color: #000000;\">Perfusores<\/span><\/li>\n<li><span style=\"color: #000000;\">Oftalmoscopio Indirecto<\/span><\/li>\n<li><span style=\"color: #000000;\">Incubadora de Transporte Ventilador de Transporte Bombas<\/span><\/li>\n<li><span style=\"color: #000000;\">Infraestructura f\u00edsica excelente<\/span><\/li>\n<li><span style=\"color: #000000;\">Disponibilidad de Insumas, Sangre y Hemoderivados<\/span><\/li>\n<li><span style=\"color: #000000;\">Adecuado Enfoque del Reci\u00e9n Nacido<\/span><\/li>\n<li><span style=\"color: #000000;\">Cumplimiento de Gu\u00edas de Manejo en las \u00c1reas: Medicina, Enfermer\u00eda y Terapia Respiratoria<\/span><\/li>\n<li><span style=\"color: #000000;\">Seguimiento a Riesgos, Eventos Adversos y Mortalidad<\/span><\/li>\n<li><span style=\"color: #000000;\">Atendida las 24 horas por un grupo humano selecto de m\u00e9dicos pediatras, neonatologos, cirujano pediatra, cardi\u00f3logo pediatra, profesionales de enfermer\u00eda, terapeutas, con experiencia, amor, responsabilidad, sentido de pertenencia y compromiso social<\/span><\/li>\n<li><span style=\"color: #000000;\"><strong>Horarios de Visita:<\/strong> 11:00am a 12:00m y 03:00pm a 04:00pm<\/span><\/li>\n<\/ul>\n ","protected":false},"excerpt":{"rendered":"<p>\u00a0 N\u00b0 Camas N\u00b0 Habilitaci\u00f3n CUIDADOS INTENSIVOS 6 203426 CUIDADOS INTERMEDIOS 8 141865 CUIDADOS B\u00c1SICOS 5 \u00a0 Ventilaci\u00f3n Mec\u00e1nica Convencional Invasiva Monitoreo B\u00e1sico e Invasivo, Nutrici\u00f3n Enteral y Parenteral. L\u00e1mparas de Fototerapia Incubadoras Mesa de Calor Radiante Perfusores Oftalmoscopio Indirecto Incubadora de Transporte Ventilador de Transporte Bombas Infraestructura f\u00edsica excelente Disponibilidad de Insumas, Sangre y [&hellip;]<\/p>\n","protected":false},"author":1,"featured_media":0,"parent":0,"menu_order":0,"comment_status":"closed","ping_status":"closed","template":"","meta":{"_cbd_carousel_blocks":"[]","footnotes":""},"class_list":["post-81","page","type-page","status-publish","hentry"],"yoast_head":"<!-- This site is optimized with the Yoast SEO plugin v27.5 - https:\/\/yoast.com\/product\/yoast-seo-wordpress\/ -->\n<title>Unidad de Cuidados Neonatal - Fundaci&oacute;n San Jos&eacute; Buga<\/title>\n<meta name=\"robots\" content=\"index, follow, max-snippet:-1, max-image-preview:large, max-video-preview:-1\" \/>\n<link rel=\"canonical\" href=\"https:\/\/www.fsjb.org\/web\/?page_id=81\" \/>\n<meta property=\"og:locale\" content=\"es_ES\" \/>\n<meta property=\"og:type\" content=\"article\" \/>\n<meta property=\"og:title\" content=\"Unidad de Cuidados Neonatal - Fundaci&oacute;n San Jos&eacute; Buga\" \/>\n<meta property=\"og:description\" content=\"\u00a0 N\u00b0 Camas N\u00b0 Habilitaci\u00f3n CUIDADOS INTENSIVOS 6 203426 CUIDADOS INTERMEDIOS 8 141865 CUIDADOS B\u00c1SICOS 5 \u00a0 Ventilaci\u00f3n Mec\u00e1nica Convencional Invasiva Monitoreo B\u00e1sico e Invasivo, Nutrici\u00f3n Enteral y Parenteral. L\u00e1mparas de Fototerapia Incubadoras Mesa de Calor Radiante Perfusores Oftalmoscopio Indirecto Incubadora de Transporte Ventilador de Transporte Bombas Infraestructura f\u00edsica excelente Disponibilidad de Insumas, Sangre y [&hellip;]\" \/>\n<meta property=\"og:url\" content=\"https:\/\/www.fsjb.org\/web\/?page_id=81\" \/>\n<meta property=\"og:site_name\" content=\"Fundaci&oacute;n San Jos&eacute; Buga\" \/>\n<meta property=\"article:publisher\" content=\"https:\/\/www.facebook.com\/fundacionsanjosebuga\/\" \/>\n<meta property=\"article:modified_time\" content=\"2018-08-16T14:40:10+00:00\" \/>\n<meta property=\"og:image\" content=\"https:\/\/www.fhsjb.org\/web\/images\/articles\/6.jpg\" \/>\n<meta name=\"twitter:card\" content=\"summary_large_image\" \/>\n<meta name=\"twitter:label1\" content=\"Tiempo de lectura\" \/>\n\t<meta name=\"twitter:data1\" content=\"1 minuto\" \/>\n<script type=\"application\/ld+json\" class=\"yoast-schema-graph\">{\"@context\":\"https:\\\/\\\/schema.org\",\"@graph\":[{\"@type\":\"WebPage\",\"@id\":\"https:\\\/\\\/www.fsjb.org\\\/web\\\/?page_id=81\",\"url\":\"https:\\\/\\\/www.fsjb.org\\\/web\\\/?page_id=81\",\"name\":\"Unidad de Cuidados Neonatal - Fundaci&oacute;n San Jos&eacute; Buga\",\"isPartOf\":{\"@id\":\"https:\\\/\\\/www.fsjb.org\\\/web\\\/#website\"},\"primaryImageOfPage\":{\"@id\":\"https:\\\/\\\/www.fsjb.org\\\/web\\\/?page_id=81#primaryimage\"},\"image\":{\"@id\":\"https:\\\/\\\/www.fsjb.org\\\/web\\\/?page_id=81#primaryimage\"},\"thumbnailUrl\":\"https:\\\/\\\/www.fhsjb.org\\\/web\\\/images\\\/articles\\\/6.jpg\",\"datePublished\":\"2018-05-07T19:22:20+00:00\",\"dateModified\":\"2018-08-16T14:40:10+00:00\",\"breadcrumb\":{\"@id\":\"https:\\\/\\\/www.fsjb.org\\\/web\\\/?page_id=81#breadcrumb\"},\"inLanguage\":\"es\",\"potentialAction\":[{\"@type\":\"ReadAction\",\"target\":[\"https:\\\/\\\/www.fsjb.org\\\/web\\\/?page_id=81\"]}]},{\"@type\":\"ImageObject\",\"inLanguage\":\"es\",\"@id\":\"https:\\\/\\\/www.fsjb.org\\\/web\\\/?page_id=81#primaryimage\",\"url\":\"https:\\\/\\\/www.fhsjb.org\\\/web\\\/images\\\/articles\\\/6.jpg\",\"contentUrl\":\"https:\\\/\\\/www.fhsjb.org\\\/web\\\/images\\\/articles\\\/6.jpg\"},{\"@type\":\"BreadcrumbList\",\"@id\":\"https:\\\/\\\/www.fsjb.org\\\/web\\\/?page_id=81#breadcrumb\",\"itemListElement\":[{\"@type\":\"ListItem\",\"position\":1,\"name\":\"Portada\",\"item\":\"https:\\\/\\\/www.fsjb.org\\\/web\\\/\"},{\"@type\":\"ListItem\",\"position\":2,\"name\":\"Unidad de Cuidados Neonatal\"}]},{\"@type\":\"WebSite\",\"@id\":\"https:\\\/\\\/www.fsjb.org\\\/web\\\/#website\",\"url\":\"https:\\\/\\\/www.fsjb.org\\\/web\\\/\",\"name\":\"Fundaci\u00f3n San Jos\u00e9 Buga\",\"description\":\"Pagina web\",\"publisher\":{\"@id\":\"https:\\\/\\\/www.fsjb.org\\\/web\\\/#organization\"},\"potentialAction\":[{\"@type\":\"SearchAction\",\"target\":{\"@type\":\"EntryPoint\",\"urlTemplate\":\"https:\\\/\\\/www.fsjb.org\\\/web\\\/?s={search_term_string}\"},\"query-input\":{\"@type\":\"PropertyValueSpecification\",\"valueRequired\":true,\"valueName\":\"search_term_string\"}}],\"inLanguage\":\"es\"},{\"@type\":\"Organization\",\"@id\":\"https:\\\/\\\/www.fsjb.org\\\/web\\\/#organization\",\"name\":\"Fundaci\u00f3n San Jos\u00e9 Buga\",\"url\":\"https:\\\/\\\/www.fsjb.org\\\/web\\\/\",\"logo\":{\"@type\":\"ImageObject\",\"inLanguage\":\"es\",\"@id\":\"https:\\\/\\\/www.fsjb.org\\\/web\\\/#\\\/schema\\\/logo\\\/image\\\/\",\"url\":\"https:\\\/\\\/www.fsjb.org\\\/web\\\/wp-content\\\/uploads\\\/logo-n.png\",\"contentUrl\":\"https:\\\/\\\/www.fsjb.org\\\/web\\\/wp-content\\\/uploads\\\/logo-n.png\",\"width\":208,\"height\":166,\"caption\":\"Fundaci\u00f3n San Jos\u00e9 Buga\"},\"image\":{\"@id\":\"https:\\\/\\\/www.fsjb.org\\\/web\\\/#\\\/schema\\\/logo\\\/image\\\/\"},\"sameAs\":[\"https:\\\/\\\/www.facebook.com\\\/fundacionsanjosebuga\\\/\",\"https:\\\/\\\/co.linkedin.com\\\/company\\\/fsjb\"]}]}<\/script>\n<!-- \/ Yoast SEO plugin. -->","yoast_head_json":{"title":"Unidad de Cuidados Neonatal - Fundaci&oacute;n San Jos&eacute; Buga","robots":{"index":"index","follow":"follow","max-snippet":"max-snippet:-1","max-image-preview":"max-image-preview:large","max-video-preview":"max-video-preview:-1"},"canonical":"https:\/\/www.fsjb.org\/web\/?page_id=81","og_locale":"es_ES","og_type":"article","og_title":"Unidad de Cuidados Neonatal - Fundaci&oacute;n San Jos&eacute; Buga","og_description":"\u00a0 N\u00b0 Camas N\u00b0 Habilitaci\u00f3n CUIDADOS INTENSIVOS 6 203426 CUIDADOS INTERMEDIOS 8 141865 CUIDADOS B\u00c1SICOS 5 \u00a0 Ventilaci\u00f3n Mec\u00e1nica Convencional Invasiva Monitoreo B\u00e1sico e Invasivo, Nutrici\u00f3n Enteral y Parenteral. L\u00e1mparas de Fototerapia Incubadoras Mesa de Calor Radiante Perfusores Oftalmoscopio Indirecto Incubadora de Transporte Ventilador de Transporte Bombas Infraestructura f\u00edsica excelente Disponibilidad de Insumas, Sangre y [&hellip;]","og_url":"https:\/\/www.fsjb.org\/web\/?page_id=81","og_site_name":"Fundaci&oacute;n San Jos&eacute; Buga","article_publisher":"https:\/\/www.facebook.com\/fundacionsanjosebuga\/","article_modified_time":"2018-08-16T14:40:10+00:00","og_image":[{"url":"https:\/\/www.fhsjb.org\/web\/images\/articles\/6.jpg","type":"","width":"","height":""}],"twitter_card":"summary_large_image","twitter_misc":{"Tiempo de lectura":"1 minuto"},"schema":{"@context":"https:\/\/schema.org","@graph":[{"@type":"WebPage","@id":"https:\/\/www.fsjb.org\/web\/?page_id=81","url":"https:\/\/www.fsjb.org\/web\/?page_id=81","name":"Unidad de Cuidados Neonatal - Fundaci&oacute;n San Jos&eacute; Buga","isPartOf":{"@id":"https:\/\/www.fsjb.org\/web\/#website"},"primaryImageOfPage":{"@id":"https:\/\/www.fsjb.org\/web\/?page_id=81#primaryimage"},"image":{"@id":"https:\/\/www.fsjb.org\/web\/?page_id=81#primaryimage"},"thumbnailUrl":"https:\/\/www.fhsjb.org\/web\/images\/articles\/6.jpg","datePublished":"2018-05-07T19:22:20+00:00","dateModified":"2018-08-16T14:40:10+00:00","breadcrumb":{"@id":"https:\/\/www.fsjb.org\/web\/?page_id=81#breadcrumb"},"inLanguage":"es","potentialAction":[{"@type":"ReadAction","target":["https:\/\/www.fsjb.org\/web\/?page_id=81"]}]},{"@type":"ImageObject","inLanguage":"es","@id":"https:\/\/www.fsjb.org\/web\/?page_id=81#primaryimage","url":"https:\/\/www.fhsjb.org\/web\/images\/articles\/6.jpg","contentUrl":"https:\/\/www.fhsjb.org\/web\/images\/articles\/6.jpg"},{"@type":"BreadcrumbList","@id":"https:\/\/www.fsjb.org\/web\/?page_id=81#breadcrumb","itemListElement":[{"@type":"ListItem","position":1,"name":"Portada","item":"https:\/\/www.fsjb.org\/web\/"},{"@type":"ListItem","position":2,"name":"Unidad de Cuidados Neonatal"}]},{"@type":"WebSite","@id":"https:\/\/www.fsjb.org\/web\/#website","url":"https:\/\/www.fsjb.org\/web\/","name":"Fundaci\u00f3n San Jos\u00e9 Buga","description":"Pagina web","publisher":{"@id":"https:\/\/www.fsjb.org\/web\/#organization"},"potentialAction":[{"@type":"SearchAction","target":{"@type":"EntryPoint","urlTemplate":"https:\/\/www.fsjb.org\/web\/?s={search_term_string}"},"query-input":{"@type":"PropertyValueSpecification","valueRequired":true,"valueName":"search_term_string"}}],"inLanguage":"es"},{"@type":"Organization","@id":"https:\/\/www.fsjb.org\/web\/#organization","name":"Fundaci\u00f3n San Jos\u00e9 Buga","url":"https:\/\/www.fsjb.org\/web\/","logo":{"@type":"ImageObject","inLanguage":"es","@id":"https:\/\/www.fsjb.org\/web\/#\/schema\/logo\/image\/","url":"https:\/\/www.fsjb.org\/web\/wp-content\/uploads\/logo-n.png","contentUrl":"https:\/\/www.fsjb.org\/web\/wp-content\/uploads\/logo-n.png","width":208,"height":166,"caption":"Fundaci\u00f3n San Jos\u00e9 Buga"},"image":{"@id":"https:\/\/www.fsjb.org\/web\/#\/schema\/logo\/image\/"},"sameAs":["https:\/\/www.facebook.com\/fundacionsanjosebuga\/","https:\/\/co.linkedin.com\/company\/fsjb"]}]}},"_links":{"self":[{"href":"https:\/\/www.fsjb.org\/web\/index.php?rest_route=\/wp\/v2\/pages\/81","targetHints":{"allow":["GET"]}}],"collection":[{"href":"https:\/\/www.fsjb.org\/web\/index.php?rest_route=\/wp\/v2\/pages"}],"about":[{"href":"https:\/\/www.fsjb.org\/web\/index.php?rest_route=\/wp\/v2\/types\/page"}],"author":[{"embeddable":true,"href":"https:\/\/www.fsjb.org\/web\/index.php?rest_route=\/wp\/v2\/users\/1"}],"replies":[{"embeddable":true,"href":"https:\/\/www.fsjb.org\/web\/index.php?rest_route=%2Fwp%2Fv2%2Fcomments&post=81"}],"version-history":[{"count":0,"href":"https:\/\/www.fsjb.org\/web\/index.php?rest_route=\/wp\/v2\/pages\/81\/revisions"}],"wp:attachment":[{"href":"https:\/\/www.fsjb.org\/web\/index.php?rest_route=%2Fwp%2Fv2%2Fmedia&parent=81"}],"curies":[{"name":"wp","href":"https:\/\/api.w.org\/{rel}","templated":true}]}}