{"id":117,"date":"2018-05-07T19:26:55","date_gmt":"2018-05-07T19:26:55","guid":{"rendered":"http:\/\/localhost\/?page_id=117"},"modified":"2025-06-30T00:26:15","modified_gmt":"2025-06-30T05:26:15","slug":"acerca-de-su-hospitalizacion","status":"publish","type":"page","link":"https:\/\/www.fsjb.org\/web\/?page_id=117","title":{"rendered":"Acerca de su Fundaci\u00f3n"},"content":{"rendered":"<p><span style=\"color: #007970;\"><strong>BIENVENIDO A LA FUNDACI\u00d3N SAN JOS\u00c9 DE BUGA<\/strong><\/span><\/p>\n<p style=\"padding-left: 30px;\"><span style=\"color: #000000;\">Durante su permanencia en la fundaci\u00f3n Usted ser\u00e1 atendido por un equipo multidisciplinario calificado, brind\u00e1ndole atenci\u00f3n, cuidados, ambiente seguro y profesional.<\/span><\/p>\n<p style=\"padding-left: 30px;\"><span style=\"color: #000000;\">La <strong>FUNDACI\u00d3N SAN JOS\u00c9 DE BUGA <\/strong>Vela por la seguridad cl\u00ednica, como estrategia indispensable para crear un entorno seguro y promover una transformaci\u00f3n cultural hacia una atenci\u00f3n centrada en la seguridad de los usuarios, su familia y los colaboradores de la instituci\u00f3n.<\/span><\/p>\n<p><span style=\"color: #007970;\"><strong>INFORMACI\u00d3N GENERAL<\/strong><\/span><\/p>\n<p style=\"padding-left: 30px;\"><span style=\"color: #000000;\">Usted ser\u00e1 valorado diariamente por el especialista de acuerdo a su patolog\u00eda, participe en su tratamiento informando claramente sobre medicamentos que toma en casa, sobre alergias a medicamentos.<\/span><\/p>\n<p style=\"padding-left: 30px;\"><span style=\"color: #000000;\">El equipo de salud le dar\u00e1 a conocer diagnostico, tratamiento, cuidados y evoluci\u00f3n.<\/span><\/p>\n<p style=\"padding-left: 30px;\"><span style=\"color: #000000;\">Preg\u00fantele al m\u00e9dico cuando sus explicaciones no sean claras o cuando tenga dudas. Recuerde que Usted es responsable de su autocuidado.<\/span><\/p>\n<p style=\"padding-left: 30px;\"><span style=\"color: #000000;\">El paciente hospitalizado debe permanecer en su servicio.<\/span><\/p>\n<p><span style=\"color: #007970;\"><strong>MEDICAMENTOS<\/strong><\/span><\/p>\n<p style=\"padding-left: 30px;\"><span style=\"color: #000000;\">Durante su internaci\u00f3n la responsabilidad del suministro de los medicamentos a su paciente es de la Instituci\u00f3n.<\/span><\/p>\n<p style=\"padding-left: 30px;\"><span style=\"color: #000000;\">Si viene recibiendo alg\u00fan tratamiento inf\u00f3rmeselo al personal de enfermer\u00eda y medico tratante.<\/span><\/p>\n<p><span style=\"color: #007970;\"><strong>ALIMENTACI\u00d3N<\/strong><\/span><\/p>\n<p style=\"padding-left: 30px;\"><span style=\"color: #000000;\">La Instituci\u00f3n asume la alimentaci\u00f3n de todos los pacientes hospitalizados. En caso de tener dietas especiales o alergias alimentarias informar y ponerse en contacto con la nutricionista dietista.<\/span><\/p>\n<p style=\"padding-left: 30px;\"><span style=\"color: #000000;\">Favor abstenerse de consumir alimentos diferentes a los ordenados por el fundaci\u00f3n.<\/span><\/p>\n<p style=\"padding-left: 30px;\"><span style=\"color: #000000;\">Distribuci\u00f3n de alimentos:<\/span><\/p>\n<p style=\"padding-left: 30px;\"><span style=\"color: #000000;\">Desayuno de 08:00 AM a 09:00 AM<\/span><\/p>\n<p style=\"padding-left: 30px;\"><span style=\"color: #000000;\">Almuerzo de 12:00 AM a 01:00 PM<\/span><\/p>\n<p style=\"padding-left: 30px;\"><span style=\"color: #000000;\">Comida de 05:00 PM a 06:00 PM<\/span><\/p>\n<p>&nbsp;<\/p>\n<p><span style=\"color: #007970;\"><strong>HORARIOS DE VISITAS Y NORMAS<\/strong><\/span><\/p>\n<p style=\"padding-left: 30px;\"><span style=\"color: #000000;\">Los visitantes deben ser mayores de 12 a\u00f1os y en lo posible estar sanos.<\/span><\/p>\n<p style=\"padding-left: 30px;\"><span style=\"color: #000000;\">Los familiares pueden asistir a la visita:<\/span><\/p>\n<p style=\"padding-left: 30px;\"><span style=\"color: #000000;\">De 11:00 AM a 12:00M y de 02:00 PM a 04:00 PM.<\/span><\/p>\n<p style=\"padding-left: 30px;\"><span style=\"color: #000000;\">En UCI las visitas son de 11:00 AM a 12:00 M y de 03:00 PM a 04:00 PM. Debe atender las normas de cada unidad.<\/span><\/p>\n<p style=\"padding-left: 30px;\"><span style=\"color: #000000;\">En neonatos las madres ingresaran cada 3 horas a alimentar a sus bebes: 9 AM \u2013 12 M \u2013 3 y 6 PM.<\/span><\/p>\n<p style=\"padding-left: 30px;\"><span style=\"color: #000000;\">Los ni\u00f1os hospitalizados permanecer\u00e1n con una acompa\u00f1ante, preferiblemente la madre.<\/span><\/p>\n<p style=\"padding-left: 30px;\"><span style=\"color: #000000;\">Los visitantes se abstendr\u00e1n de ingresar comidas o frutas y arreglos florales a sus pacientes.<\/span><\/p>\n<p style=\"padding-left: 30px;\"><span style=\"color: #000000;\">La Instituci\u00f3n cuenta con servicio de cafeter\u00eda, ubicada en el primer piso,\u00a0para atender las necesidades de los acompa\u00f1antes: Los alimentos deben ser consumidos en la cafeter\u00eda y no en el cuarto del paciente.<\/span><\/p>\n<p style=\"padding-left: 30px;\"><span style=\"color: #000000;\">Utilizar tono de voz moderado al hablar.<\/span><\/p>\n<p style=\"padding-left: 30px;\"><span style=\"color: #000000;\">Escuchar la radio o usar televisi\u00f3n en volumen bajo por respeto y comodidad suya y la de los otros pacientes.<\/span><\/p>\n<p style=\"padding-left: 30px;\"><span style=\"color: #000000;\">Para el manejo de la enfermedad de su paciente la instituci\u00f3n cuenta con equipos y elementos que solo podr\u00e1n ser manejados por personal de Salud.<\/span><\/p>\n<p style=\"padding-left: 30px;\"><span style=\"color: #000000;\">Si tiene dudas ac\u00e9rquese a la estaci\u00f3n de enfermer\u00eda donde se le atender\u00e1.<\/span><\/p>\n<p><span style=\"color: #007970;\"><strong>ACOMPA\u00d1ANTE<\/strong><\/span><\/p>\n<p style=\"padding-left: 30px;\"><span style=\"color: #000000;\">En algunas ocasiones especiales por las condiciones de su paciente se autoriza la compa\u00f1\u00eda permanente de un familiar. Para solicitar este permiso acercarse a la Subgerencia de Salud en horario de 02:00 PM a 04:00 PM.<\/span><\/p>\n<p style=\"padding-left: 30px;\"><span style=\"color: #000000;\">La cama es para uso exclusivo del paciente.<\/span><\/p>\n<p><span style=\"color: #007970;\"><strong>PERMISOS ESPECIALES<\/strong><\/span><\/p>\n<p style=\"padding-left: 30px;\"><span style=\"color: #000000;\">En algunas ocasiones por necesidad del paciente se autoriza permiso o salida temporal, para ausentarse de la Instituci\u00f3n. Este se solicita a trav\u00e9s de su m\u00e9dico tratante.<\/span><\/p>\n<p style=\"padding-left: 30px;\"><span style=\"color: #000000;\">Durante su ausencia la fundaci\u00f3n no se hace responsable de su estado de salud.<\/span><\/p>\n<p><span style=\"color: #007970;\"><strong>PERTENENCIAS PERSONALES<\/strong><\/span><\/p>\n<p style=\"padding-left: 30px;\"><span style=\"color: #000000;\">Aseg\u00farese de no ingresar art\u00edculos de valor, entr\u00e9guelos a su acompa\u00f1ante.<\/span><\/p>\n<p style=\"padding-left: 30px;\"><span style=\"color: #000000;\">La Instituci\u00f3n no se hace responsable de la perdida de objetos (ropa, celulares, alhajas, relojes y otros).<\/span><\/p>\n<p style=\"padding-left: 30px;\"><span style=\"color: #000000;\">El cuidado de sus pertenencias es responsabilidad suya, debe permanecer atento y cuidadoso de ellas.<\/span><\/p>\n<p>&nbsp;<\/p>\n<p><span style=\"color: #007970;\"><strong>ELEMENTOS QUE REQUIERE EL PACIENTE DURANTE LA HOSPITALIZACI\u00d3N<\/strong><\/span><\/p>\n<ul>\n<li><span style=\"color: #000000;\">Toalla<\/span><\/li>\n<li><span style=\"color: #000000;\">Pantuflas antideslizantes<\/span><\/li>\n<li><span style=\"color: #000000;\">\u00datiles de aseo (jab\u00f3n, cepillo dientes, crema dental, desodorante)<\/span><\/li>\n<li><span style=\"color: #000000;\">Pijama<\/span><\/li>\n<li><span style=\"color: #000000;\">Ropa interior<\/span><\/li>\n<li><span style=\"color: #000000;\">Crema lubricante<\/span><\/li>\n<li><span style=\"color: #000000;\">Pa\u00f1ales (seg\u00fan necesidad)<\/span><\/li>\n<\/ul>\n<p><span style=\"color: #007970;\"><strong>CONTRIBUYAMOS A LA CONSERVACI\u00d3N DEL MEDIO AMBIENTE<\/strong><\/span><\/p>\n<p style=\"padding-left: 30px;\"><span style=\"color: #000000;\">Haciendo uso correcto de los desechos que Usted y su paciente generan deposit\u00e1ndolos en los tarros correspondientes.<\/span><\/p>\n<p style=\"padding-left: 30px;\"><span style=\"color: #000000;\">Tarro Rojo: deposite papel higi\u00e9nico, toallas maternas, pa\u00f1ales, material con secreciones, sangre o fluidos corporales.<\/span><\/p>\n<p style=\"padding-left: 30px;\"><span style=\"color: #000000;\">Tarro Verde: Empaques de comestibles, basura com\u00fan, servilletas y papel carb\u00f3n.<\/span><\/p>\n<p style=\"padding-left: 30px;\"><span style=\"color: #000000;\">Tarro Gris: Papel blanco, cart\u00f3n, botellas, vidrio y pl\u00e1sticos.<\/span><\/p>\n<p style=\"text-align: left;\"><span style=\"color: #007970;\"><strong>PROHIBIDO EL INGRESO DE ARMAS<\/strong><\/span><\/p>\n<p style=\"text-align: left;\"><span style=\"color: #007970;\"><strong>PROHIBIDO FUMAR Y\/O CONSUMIR SUSTANCIAS PSICOACTIVAS<\/strong><\/span><\/p>\n<p><span style=\"color: #007970;\"><strong>AISLAMIENTOS<\/strong><\/span><\/p>\n<p style=\"padding-left: 30px;\"><span style=\"color: #000000;\">Hay enfermedades que requieren manejo especial como aislamiento, en estos casos el equipo de salud le dar\u00e1 las instrucciones a Usted y su familia, lo cual incluye uso de elementos de protecci\u00f3n personal, lavado de manos y restricci\u00f3n de visitas.<\/span><\/p>\n<p>&nbsp;<\/p>\n<p><span style=\"color: #007970;\"><strong>ASPECTOS ADMINISTRATIVOS<\/strong><\/span><\/p>\n<p style=\"padding-left: 30px;\"><span style=\"color: #000000;\">La Instituci\u00f3n respeta y cumple los contratos establecidos con las diferentes Entidades Responsables de Pago (ERP) o su entidad de salud para su ingreso, atenci\u00f3n y egreso.<\/span><\/p>\n<p><span style=\"color: #007970;\"><strong>DOCUMENTOS REQUERIDOS PARA SU\u00a0<\/strong><\/span><span style=\"color: #007970;\"><b>ATENCI\u00d3N<\/b><\/span><\/p>\n<ul>\n<li><span style=\"color: #000000;\">CARN\u00c9 DE LA ENTIDAD<\/span><\/li>\n<li><span style=\"color: #000000;\">DOCUMENTO DE IDENTIDAD<\/span><\/li>\n<li><span style=\"color: #000000;\">ORDEN DE SERVICIO (Consulta ambulatoria, procedimientos y ex\u00e1menes)<\/span><\/li>\n<\/ul>\n<p style=\"padding-left: 30px;\"><span style=\"color: #000000;\">Aseg\u00farese de conocer en su Entidad las tarifas, copagos o cuotas moderadoras que debe asumir ante una atenci\u00f3n de urgencias, hospitalizaci\u00f3n o consulta y la documentaci\u00f3n requerida para su ingreso y egreso de la Instituci\u00f3n.<\/span><\/p>\n<p style=\"padding-left: 30px;\"><span style=\"color: #000000;\"><span style=\"color: #333399;\"><strong><span style=\"color: #007970;\">Cotizante del R\u00e9gimen contributivo<\/span>:<\/strong> <\/span>est\u00e1 exento de pago por cualquier servicio de hospitalizaci\u00f3n prestado en la instituci\u00f3n. Cancela cuota moderadora por consulta externa y ayudas diagn\u00f3sticas.<\/span><\/p>\n<p style=\"padding-left: 30px;\"><span style=\"color: #000000;\"><span style=\"color: #007970;\"><strong>Beneficiario del r\u00e9gimen contributivo<\/strong><\/span> cancela de acuerdo a su rango: cuota moderadora por servicios de consulta y copagos por hospitalizaci\u00f3n y cirug\u00eda.<\/span><\/p>\n<p><span style=\"color: #007970;\"><strong>R\u00e9gimen Subsidiado<\/strong><\/span><\/p>\n<p style=\"padding-left: 30px;\"><span style=\"color: #000000;\">Cancela copago de acuerdo a su nivel:<\/span><\/p>\n<p style=\"padding-left: 30px;\"><span style=\"color: #000000;\">Nivel I: No cancela<\/span><\/p>\n<p style=\"padding-left: 30px;\"><span style=\"color: #000000;\">Nivel II: Cancela el 10% del valor de su atenci\u00f3n.<\/span><\/p>\n<p style=\"padding-left: 30px;\"><span style=\"color: #000000;\">Nivel III: Cancela el 30% del valor de su atenci\u00f3n.<\/span><\/p>\n<p style=\"padding-left: 30px;\"><span style=\"color: #000000;\">Los pagos se deben realizar \u00fanicamente en las cajas autorizadas por la Instituci\u00f3n. Exija su factura.<\/span><\/p>\n<p><span style=\"color: #007970;\"><strong>RECOMENDACIONES PARA LA SALIDA<\/strong><\/span><\/p>\n<p style=\"padding-left: 30px;\"><span style=\"color: #000000;\">Ac\u00e9rquese a la oficina de facturaci\u00f3n de cada piso a recibir informaci\u00f3n referente a la salida.<\/span><\/p>\n<p style=\"padding-left: 30px;\"><span style=\"color: #000000;\">Al egreso de la Instituci\u00f3n por los servicios prestados solicite copia de su atenci\u00f3n al facturador para ser llevada a su entidad de salud.<\/span><\/p>\n<p style=\"padding-left: 30px;\"><span style=\"color: #000000;\">Con el \u00e1nimo de conocer la calidad de Nuestros servicios le solicitamos llenar la encuesta de satisfacci\u00f3n del servicio recibido, esto nos ayuda a compartir con los funcionarios sus comentarios y mejorar la prestaci\u00f3n de Nuestros servicios.<\/span><\/p>\n<p style=\"padding-left: 30px;\"><span style=\"color: #000000;\">Cuando tenga su recibo de paz y salvo ac\u00e9rquese a la estaci\u00f3n de enfermer\u00eda, el personal le dar\u00e1 informaci\u00f3n sobre recomendaciones medicas, cuidados especiales, medicamentos, citas de control, incapacidades o licencias.<\/span><\/p>\n<p style=\"padding-left: 30px;\"><span style=\"color: #000000;\">El auxiliar de enfermer\u00eda, le retirar\u00e1 el cat\u00e9ter (si lo tiene), antes de salir del servicio.<\/span><\/p>\n<p style=\"padding-left: 30px;\"><span style=\"color: #000000;\">El camillero lo transportar\u00e1 en silla de ruedas o camilla, seg\u00fan necesidad, hasta la puerta de salida, donde debe presentar la boleta de salida.<\/span><\/p>\n<p style=\"padding-left: 30px;\"><span style=\"color: #000000;\">Estamos dispuestos a recibir y escuchar felicitaciones, inquietudes, sugerencias, peticiones, quejas y reclamos en la oficina de <span style=\"color: #007970;\"><strong>atenci\u00f3n al usuario<\/strong><\/span> de lunes a viernes en horario de 7:30 a 12:00 m y de 1:30 a 6:00 pm. o en los buzones ubicados en los servicios.<\/span><\/p>\n<p style=\"padding-left: 30px;\"><span style=\"color: #007970;\"><strong>Telefonos de atenci\u00f3n: 2375152 &#8211; 2375192<\/strong><\/span><\/p>\n<p style=\"padding-left: 30px;\"><span style=\"color: #007970;\"><strong>Conmutador: 2361000<\/strong><\/span><\/p>\n<p style=\"padding-left: 30px;\"><span style=\"color: #000000;\">Enviando un mensaje al correo electr\u00f3nico<span id=\"cloak22823\" style=\"color: #3366ff;\"> <a style=\"color: #3366ff;\" href=\"mailto:siau@fhsjb.org\">siau@fsjb.org<\/a> <\/span>o ingresando a nuestro sitio web en el enlace Cont\u00e1ctenos.<\/span><\/p>\n ","protected":false},"excerpt":{"rendered":"<p>BIENVENIDO A LA FUNDACI\u00d3N SAN JOS\u00c9 DE BUGA Durante su permanencia en la fundaci\u00f3n Usted ser\u00e1 atendido por un equipo multidisciplinario calificado, brind\u00e1ndole atenci\u00f3n, cuidados, ambiente seguro y profesional. La FUNDACI\u00d3N SAN JOS\u00c9 DE BUGA Vela por la seguridad cl\u00ednica, como estrategia indispensable para crear un entorno seguro y promover una transformaci\u00f3n cultural hacia una [&hellip;]<\/p>\n","protected":false},"author":1,"featured_media":0,"parent":0,"menu_order":0,"comment_status":"closed","ping_status":"closed","template":"","meta":{"_cbd_carousel_blocks":"[]","footnotes":""},"class_list":["post-117","page","type-page","status-publish","hentry"],"yoast_head":"<!-- This site is optimized with the Yoast SEO plugin v27.5 - https:\/\/yoast.com\/product\/yoast-seo-wordpress\/ -->\n<title>Acerca de su Fundaci\u00f3n - Fundaci&oacute;n San Jos&eacute; Buga<\/title>\n<meta name=\"robots\" content=\"index, follow, max-snippet:-1, max-image-preview:large, max-video-preview:-1\" \/>\n<link rel=\"canonical\" href=\"https:\/\/www.fsjb.org\/web\/?page_id=117\" \/>\n<meta property=\"og:locale\" content=\"es_ES\" \/>\n<meta property=\"og:type\" content=\"article\" \/>\n<meta property=\"og:title\" content=\"Acerca de su Fundaci\u00f3n - Fundaci&oacute;n San Jos&eacute; Buga\" \/>\n<meta property=\"og:description\" content=\"BIENVENIDO A LA FUNDACI\u00d3N SAN JOS\u00c9 DE BUGA Durante su permanencia en la fundaci\u00f3n Usted ser\u00e1 atendido por un equipo multidisciplinario calificado, brind\u00e1ndole atenci\u00f3n, cuidados, ambiente seguro y profesional. La FUNDACI\u00d3N SAN JOS\u00c9 DE BUGA Vela por la seguridad cl\u00ednica, como estrategia indispensable para crear un entorno seguro y promover una transformaci\u00f3n cultural hacia una [&hellip;]\" \/>\n<meta property=\"og:url\" content=\"https:\/\/www.fsjb.org\/web\/?page_id=117\" \/>\n<meta property=\"og:site_name\" content=\"Fundaci&oacute;n San Jos&eacute; Buga\" \/>\n<meta property=\"article:publisher\" content=\"https:\/\/www.facebook.com\/fundacionsanjosebuga\/\" \/>\n<meta property=\"article:modified_time\" content=\"2025-06-30T05:26:15+00:00\" \/>\n<meta name=\"twitter:card\" content=\"summary_large_image\" \/>\n<meta name=\"twitter:label1\" content=\"Tiempo de lectura\" \/>\n\t<meta name=\"twitter:data1\" content=\"6 minutos\" \/>\n<script type=\"application\/ld+json\" class=\"yoast-schema-graph\">{\"@context\":\"https:\\\/\\\/schema.org\",\"@graph\":[{\"@type\":\"WebPage\",\"@id\":\"https:\\\/\\\/www.fsjb.org\\\/web\\\/?page_id=117\",\"url\":\"https:\\\/\\\/www.fsjb.org\\\/web\\\/?page_id=117\",\"name\":\"Acerca de su Fundaci\u00f3n - Fundaci&oacute;n San Jos&eacute; Buga\",\"isPartOf\":{\"@id\":\"https:\\\/\\\/www.fsjb.org\\\/web\\\/#website\"},\"datePublished\":\"2018-05-07T19:26:55+00:00\",\"dateModified\":\"2025-06-30T05:26:15+00:00\",\"breadcrumb\":{\"@id\":\"https:\\\/\\\/www.fsjb.org\\\/web\\\/?page_id=117#breadcrumb\"},\"inLanguage\":\"es\",\"potentialAction\":[{\"@type\":\"ReadAction\",\"target\":[\"https:\\\/\\\/www.fsjb.org\\\/web\\\/?page_id=117\"]}]},{\"@type\":\"BreadcrumbList\",\"@id\":\"https:\\\/\\\/www.fsjb.org\\\/web\\\/?page_id=117#breadcrumb\",\"itemListElement\":[{\"@type\":\"ListItem\",\"position\":1,\"name\":\"Portada\",\"item\":\"https:\\\/\\\/www.fsjb.org\\\/web\\\/\"},{\"@type\":\"ListItem\",\"position\":2,\"name\":\"Acerca de su Fundaci\u00f3n\"}]},{\"@type\":\"WebSite\",\"@id\":\"https:\\\/\\\/www.fsjb.org\\\/web\\\/#website\",\"url\":\"https:\\\/\\\/www.fsjb.org\\\/web\\\/\",\"name\":\"Fundaci\u00f3n San Jos\u00e9 Buga\",\"description\":\"Pagina web\",\"publisher\":{\"@id\":\"https:\\\/\\\/www.fsjb.org\\\/web\\\/#organization\"},\"potentialAction\":[{\"@type\":\"SearchAction\",\"target\":{\"@type\":\"EntryPoint\",\"urlTemplate\":\"https:\\\/\\\/www.fsjb.org\\\/web\\\/?s={search_term_string}\"},\"query-input\":{\"@type\":\"PropertyValueSpecification\",\"valueRequired\":true,\"valueName\":\"search_term_string\"}}],\"inLanguage\":\"es\"},{\"@type\":\"Organization\",\"@id\":\"https:\\\/\\\/www.fsjb.org\\\/web\\\/#organization\",\"name\":\"Fundaci\u00f3n San Jos\u00e9 Buga\",\"url\":\"https:\\\/\\\/www.fsjb.org\\\/web\\\/\",\"logo\":{\"@type\":\"ImageObject\",\"inLanguage\":\"es\",\"@id\":\"https:\\\/\\\/www.fsjb.org\\\/web\\\/#\\\/schema\\\/logo\\\/image\\\/\",\"url\":\"https:\\\/\\\/www.fsjb.org\\\/web\\\/wp-content\\\/uploads\\\/logo-n.png\",\"contentUrl\":\"https:\\\/\\\/www.fsjb.org\\\/web\\\/wp-content\\\/uploads\\\/logo-n.png\",\"width\":208,\"height\":166,\"caption\":\"Fundaci\u00f3n San Jos\u00e9 Buga\"},\"image\":{\"@id\":\"https:\\\/\\\/www.fsjb.org\\\/web\\\/#\\\/schema\\\/logo\\\/image\\\/\"},\"sameAs\":[\"https:\\\/\\\/www.facebook.com\\\/fundacionsanjosebuga\\\/\",\"https:\\\/\\\/co.linkedin.com\\\/company\\\/fsjb\"]}]}<\/script>\n<!-- \/ Yoast SEO plugin. -->","yoast_head_json":{"title":"Acerca de su Fundaci\u00f3n - Fundaci&oacute;n San Jos&eacute; Buga","robots":{"index":"index","follow":"follow","max-snippet":"max-snippet:-1","max-image-preview":"max-image-preview:large","max-video-preview":"max-video-preview:-1"},"canonical":"https:\/\/www.fsjb.org\/web\/?page_id=117","og_locale":"es_ES","og_type":"article","og_title":"Acerca de su Fundaci\u00f3n - Fundaci&oacute;n San Jos&eacute; Buga","og_description":"BIENVENIDO A LA FUNDACI\u00d3N SAN JOS\u00c9 DE BUGA Durante su permanencia en la fundaci\u00f3n Usted ser\u00e1 atendido por un equipo multidisciplinario calificado, brind\u00e1ndole atenci\u00f3n, cuidados, ambiente seguro y profesional. La FUNDACI\u00d3N SAN JOS\u00c9 DE BUGA Vela por la seguridad cl\u00ednica, como estrategia indispensable para crear un entorno seguro y promover una transformaci\u00f3n cultural hacia una [&hellip;]","og_url":"https:\/\/www.fsjb.org\/web\/?page_id=117","og_site_name":"Fundaci&oacute;n San Jos&eacute; Buga","article_publisher":"https:\/\/www.facebook.com\/fundacionsanjosebuga\/","article_modified_time":"2025-06-30T05:26:15+00:00","twitter_card":"summary_large_image","twitter_misc":{"Tiempo de lectura":"6 minutos"},"schema":{"@context":"https:\/\/schema.org","@graph":[{"@type":"WebPage","@id":"https:\/\/www.fsjb.org\/web\/?page_id=117","url":"https:\/\/www.fsjb.org\/web\/?page_id=117","name":"Acerca de su Fundaci\u00f3n - Fundaci&oacute;n San Jos&eacute; Buga","isPartOf":{"@id":"https:\/\/www.fsjb.org\/web\/#website"},"datePublished":"2018-05-07T19:26:55+00:00","dateModified":"2025-06-30T05:26:15+00:00","breadcrumb":{"@id":"https:\/\/www.fsjb.org\/web\/?page_id=117#breadcrumb"},"inLanguage":"es","potentialAction":[{"@type":"ReadAction","target":["https:\/\/www.fsjb.org\/web\/?page_id=117"]}]},{"@type":"BreadcrumbList","@id":"https:\/\/www.fsjb.org\/web\/?page_id=117#breadcrumb","itemListElement":[{"@type":"ListItem","position":1,"name":"Portada","item":"https:\/\/www.fsjb.org\/web\/"},{"@type":"ListItem","position":2,"name":"Acerca de su Fundaci\u00f3n"}]},{"@type":"WebSite","@id":"https:\/\/www.fsjb.org\/web\/#website","url":"https:\/\/www.fsjb.org\/web\/","name":"Fundaci\u00f3n San Jos\u00e9 Buga","description":"Pagina web","publisher":{"@id":"https:\/\/www.fsjb.org\/web\/#organization"},"potentialAction":[{"@type":"SearchAction","target":{"@type":"EntryPoint","urlTemplate":"https:\/\/www.fsjb.org\/web\/?s={search_term_string}"},"query-input":{"@type":"PropertyValueSpecification","valueRequired":true,"valueName":"search_term_string"}}],"inLanguage":"es"},{"@type":"Organization","@id":"https:\/\/www.fsjb.org\/web\/#organization","name":"Fundaci\u00f3n San Jos\u00e9 Buga","url":"https:\/\/www.fsjb.org\/web\/","logo":{"@type":"ImageObject","inLanguage":"es","@id":"https:\/\/www.fsjb.org\/web\/#\/schema\/logo\/image\/","url":"https:\/\/www.fsjb.org\/web\/wp-content\/uploads\/logo-n.png","contentUrl":"https:\/\/www.fsjb.org\/web\/wp-content\/uploads\/logo-n.png","width":208,"height":166,"caption":"Fundaci\u00f3n San Jos\u00e9 Buga"},"image":{"@id":"https:\/\/www.fsjb.org\/web\/#\/schema\/logo\/image\/"},"sameAs":["https:\/\/www.facebook.com\/fundacionsanjosebuga\/","https:\/\/co.linkedin.com\/company\/fsjb"]}]}},"_links":{"self":[{"href":"https:\/\/www.fsjb.org\/web\/index.php?rest_route=\/wp\/v2\/pages\/117","targetHints":{"allow":["GET"]}}],"collection":[{"href":"https:\/\/www.fsjb.org\/web\/index.php?rest_route=\/wp\/v2\/pages"}],"about":[{"href":"https:\/\/www.fsjb.org\/web\/index.php?rest_route=\/wp\/v2\/types\/page"}],"author":[{"embeddable":true,"href":"https:\/\/www.fsjb.org\/web\/index.php?rest_route=\/wp\/v2\/users\/1"}],"replies":[{"embeddable":true,"href":"https:\/\/www.fsjb.org\/web\/index.php?rest_route=%2Fwp%2Fv2%2Fcomments&post=117"}],"version-history":[{"count":0,"href":"https:\/\/www.fsjb.org\/web\/index.php?rest_route=\/wp\/v2\/pages\/117\/revisions"}],"wp:attachment":[{"href":"https:\/\/www.fsjb.org\/web\/index.php?rest_route=%2Fwp%2Fv2%2Fmedia&parent=117"}],"curies":[{"name":"wp","href":"https:\/\/api.w.org\/{rel}","templated":true}]}}